{"id":625,"date":"2016-05-11T06:26:07","date_gmt":"2016-05-11T06:26:07","guid":{"rendered":"https:\/\/38854109.servicio-online.net\/product\/boating-and-sailing-tour\/"},"modified":"2024-11-04T22:50:08","modified_gmt":"2024-11-04T21:50:08","slug":"excursion-privada-teide-teno-tenerife","status":"publish","type":"product","link":"https:\/\/feeltenerife.com\/es\/viaje\/excursion-privada-teide-teno-tenerife\/","title":{"rendered":"Parque Nacional del TEIDE y Parque Rural de TENO"},"content":{"rendered":"<p><img decoding=\"async\" class=\"aligncenter wp-image-9819 size-medium\" src=\"https:\/\/feeltenerife.com\/wp-content\/uploads\/2023\/06\/Teide-y-Teno-300x246.png\" alt=\"Puntos a visitar durante la excursi\u00f3n Teide y Teno en Tenerife\" width=\"300\" height=\"246\" srcset=\"https:\/\/feeltenerife.com\/wp-content\/uploads\/2023\/06\/Teide-y-Teno-300x246.png 300w, https:\/\/feeltenerife.com\/wp-content\/uploads\/2023\/06\/Teide-y-Teno-1024x841.png 1024w, https:\/\/feeltenerife.com\/wp-content\/uploads\/2023\/06\/Teide-y-Teno-768x631.png 768w, https:\/\/feeltenerife.com\/wp-content\/uploads\/2023\/06\/Teide-y-Teno-600x493.png 600w, https:\/\/feeltenerife.com\/wp-content\/uploads\/2023\/06\/Teide-y-Teno.png 1370w\" sizes=\"(max-width: 300px) 100vw, 300px\" \/><\/p>\n<p>&nbsp;<\/p>\n<h3 style=\"text-align: left;\">\u00bfHas so\u00f1ado alguna vez con la posibilidad de volar? &#8230; Es una de las sensaciones m\u00e1s especiales que sentir\u00e1s durante esta excursi\u00f3n al Teide y Teno en Tenerife, sin necesidad de levantar tus pies de la tierra.<\/h3>\n<p style=\"text-align: left;\">Esta excursi\u00f3n privada al Teide y Teno, te llevar\u00e1 en recorrido hacia la <strong>cumbre<\/strong> central <strong>de Tenerife.<\/strong> En cada rinc\u00f3n las vistas panor\u00e1micas, son merecedoras de aparecer en las mejores postales. A unos 1.000 metros sobre el nivel del mar, comenzaremos a sentir los primeros contrastes paisaj\u00edsticos. Adentr\u00e1ndonos poco a poco en los primeros espacios naturales protegidos, donde el aroma a pino te embriagar\u00e1 de un aire limpio y puro.<\/p>\n<p style=\"text-align: left;\">Superando las zonas m\u00e1s alta\u00a0de este ecosistema \u00fanico de Pinar Canario, muchos d\u00edas al a\u00f1o los vientos Alisios nos regalan una brisa fresca que nos aporta el preciado bien de la vida. Es aqu\u00ed donde tendr\u00e1s la sensaci\u00f3n de estar sobrevolando un extenso <strong>mar de<\/strong> esponjosas <strong>nubes<\/strong> que dar\u00e1n rienda suelta a tu imaginaci\u00f3n.<\/p>\n<p style=\"text-align: left;\">De repente, en la alta monta\u00f1a de Tenerife todo se torna en un paisaje volc\u00e1nico de caracter\u00edsticas \u00fanicas. El\u00a0<strong>Parque Nacional del Teide<\/strong>, <strong>Patrimonio Mundial<\/strong> por la <a href=\"https:\/\/www.unesco.org\/es\" target=\"_blank\" rel=\"noopener\"><strong>UNESCO<\/strong><\/a>, representa una de las maravillas de la isla de Tenerife y de la geolog\u00eda a escala mundial. Aqu\u00ed te espera el majestuoso estratovolc\u00e1n del Teide con sus 3.715 metros de altitud.<\/p>\n<h3 style=\"text-align: left;\">Ad\u00e9ntrate en un entorno lleno de valores geol\u00f3gicos y<strong> endemismos de flora y fauna,<\/strong> que podr\u00e1s descubrir con todo rigor en cualquiera de los rincones que encontrar\u00e1s a tu paso.<\/h3>\n<p style=\"text-align: left;\">Descendiendo por un extenso campo de lavas j\u00f3venes contemplar\u00e1s otras islas del archipi\u00e9lago en la distancia. De camino hacia el suroeste, el\u00a0<strong>Macizo de Teno<\/strong>\u00a0aparece imponente entre tabaibas y cardones. Un espacio que supera los l\u00edmites establecidos donde los desniveles son la t\u00f3nica y en el que la naturaleza ha trabajado de la forma m\u00e1s caprichosa.<\/p>\n<p style=\"text-align: left;\">Un recorrido por las <strong>formaciones geol\u00f3gicas<\/strong> m\u00e1s espectaculares de la isla. Del mar a la cumbre, <a href=\"\/?product_cat=visitas_guiadas_privadas_en_tenerife\">descubre<\/a> maravillosos paisajes, contrastes y disfruta del aire m\u00e1s puro. \u00a1SUE\u00d1E DESPIERTO!<\/p>\n<hr \/>\n<p style=\"text-align: left;\"><strong>\u00bfPOR QU\u00c9 RESERVAR ONLINE?<\/strong><\/p>\n<ul>\n<li style=\"text-align: left;\"><strong>CONFIRMACI\u00d3N DE DISPONIBILIDAD Y RESERVA INMEDIATA.<\/strong> Plazas muy limitadas.<\/li>\n<li style=\"text-align: left;\"><strong>C\u00d3MODO.<\/strong> En tan solo 4 sencillos pasos.<\/li>\n<li style=\"text-align: left;\"><strong>PAGO SEGURO.<\/strong> Gesti\u00f3n de datos y compra 100% segura garantizada. Pague con su TARJETA DE CR\u00c9DITO (Visa o Mastercard) o con su cuenta PAYPAL.<\/li>\n<li style=\"text-align: left;\"><strong>CONFIRMACI\u00d3N DE COMPRA.<\/strong> Mediante recepci\u00f3n inmediata de correo electr\u00f3nico.<\/li>\n<\/ul>\n","protected":false},"excerpt":{"rendered":"<p>&nbsp; \u00bfHas so\u00f1ado alguna vez con la posibilidad de volar? &#8230; Es una de las sensaciones m\u00e1s especiales que sentir\u00e1s durante esta excursi\u00f3n al Teide y Teno en Tenerife, sin necesidad de levantar tus pies de la tierra. Esta excursi\u00f3n privada al Teide y Teno, te llevar\u00e1 en recorrido hacia la cumbre central de Tenerife. [&hellip;]<\/p>\n","protected":false},"featured_media":8932,"template":"","meta":[],"product_cat":[122],"product_tag":[],"class_list":{"0":"post-625","1":"product","2":"type-product","3":"status-publish","4":"has-post-thumbnail","6":"product_cat-visitas-guiadas-privadas-en-tenerife","8":"first","9":"instock","10":"taxable","11":"shipping-taxable","12":"product-type-external"},"_links":{"self":[{"href":"https:\/\/feeltenerife.com\/es\/wp-json\/wp\/v2\/product\/625"}],"collection":[{"href":"https:\/\/feeltenerife.com\/es\/wp-json\/wp\/v2\/product"}],"about":[{"href":"https:\/\/feeltenerife.com\/es\/wp-json\/wp\/v2\/types\/product"}],"wp:featuredmedia":[{"embeddable":true,"href":"https:\/\/feeltenerife.com\/es\/wp-json\/wp\/v2\/media\/8932"}],"wp:attachment":[{"href":"https:\/\/feeltenerife.com\/es\/wp-json\/wp\/v2\/media?parent=625"}],"wp:term":[{"taxonomy":"product_cat","embeddable":true,"href":"https:\/\/feeltenerife.com\/es\/wp-json\/wp\/v2\/product_cat?post=625"},{"taxonomy":"product_tag","embeddable":true,"href":"https:\/\/feeltenerife.com\/es\/wp-json\/wp\/v2\/product_tag?post=625"}],"curies":[{"name":"wp","href":"https:\/\/api.w.org\/{rel}","templated":true}]}}